{"id":3619,"date":"2024-06-11T22:15:55","date_gmt":"2024-06-11T20:15:55","guid":{"rendered":"https:\/\/fancomart.com\/?post_type=product&#038;p=3619"},"modified":"2024-06-17T02:37:24","modified_gmt":"2024-06-17T00:37:24","slug":"used-canon-5d-iii","status":"publish","type":"product","link":"https:\/\/fancomart.com\/de\/produkt\/used-canon-5d-iii\/","title":{"rendered":"Gebraucht CANON EOS 5D MARK III"},"content":{"rendered":"<h2 class=\"canon-h3--big py-9\" style=\"margin: 0px;font-size: 28px;line-height: 35px;font-family: Montserrat, Arial, sans-serif;padding: 3.5rem !important 0px 3.5rem !important 0px\" data-mce-style=\"margin: 0px; font-size: 28px; line-height: 35px; font-family: Montserrat, Arial, sans-serif; padding: 3.5rem !important 0px 3.5rem !important 0px;\"><span style=\"vertical-align: inherit\" data-mce-style=\"vertical-align: inherit;\">Detaillierte Funktionen<\/span><\/h2>\n<ul class=\"block-flex-list__list\" style=\"margin: 0px;padding: 0px;flex-wrap: wrap;justify-content: space-between;font-family: Montserrat, Arial, sans-serif;font-size: 14px\" data-mce-style=\"margin: 0px; padding: 0px; flex-wrap: wrap; justify-content: space-between; font-family: Montserrat, Arial, sans-serif; font-size: 14px;\">\n<li class=\"block-flex-list__item block-flex-list__item--three\" style=\"padding: 0px;margin: 0px;position: relative;flex: 0 0 48%;list-style-type: none\" data-mce-style=\"padding: 0px; margin: 0px; position: relative; flex: 0 0 48%; list-style-type: none;\">\n<div class=\"block-flex-list__item-wrapper\" style=\"margin-bottom: 30px\" data-mce-style=\"margin-bottom: 30px;\">\n<div class=\"block-flex-list__item-details\">\n<h2 class=\"canon-column-title--3-col-small block-flex-list__item-heading-wrapper\" style=\"margin: 0px 0px 8px;font-weight: 500;padding: 0px;font-size: 18px;line-height: 24px;align-items: center;justify-content: flex-start;width: 535.195px\" data-mce-style=\"margin: 0px 0px 8px; font-weight: 500; padding: 0px; font-size: 18px; line-height: 24px; align-items: center; justify-content: flex-start; width: 535.195px;\"><span style=\"vertical-align: inherit\" data-mce-style=\"vertical-align: inherit;\"><span style=\"vertical-align: inherit\" data-mce-style=\"vertical-align: inherit;\">22,3 Megapixel Vollformatsensor<\/span><\/span><\/h2>\n<p class=\"block-flex-list__item-description canon-paragraph--medium\" style=\"margin: 0px 0px 15px;padding: 0px;line-height: 21px\" data-mce-style=\"margin: 0px 0px 15px; padding: 0px; line-height: 21px;\"><span style=\"vertical-align: inherit\" data-mce-style=\"vertical-align: inherit;\">Hochwertige Aufnahmen mit enormer Detailvielfalt dank 22,3 MP CMOS-Sensor und DIGIC 5+ Bildprozessor. Farben werden mit nat\u00fcrlicher Intensit\u00e4t wiedergegeben und selbst in dunklen oder schattigen sowie extrem hellen Bereichen werden feinste Details dargestellt.<\/span><\/p>\n<\/div>\n<\/div>\n<\/li>\n<li class=\"block-flex-list__item block-flex-list__item--three\" style=\"padding: 0px;margin: 0px;position: relative;flex: 0 0 48%;list-style-type: none\" data-mce-style=\"padding: 0px; margin: 0px; position: relative; flex: 0 0 48%; list-style-type: none;\">\n<div class=\"block-flex-list__item-wrapper\" style=\"margin-bottom: 30px\" data-mce-style=\"margin-bottom: 30px;\">\n<div class=\"block-flex-list__item-details\">\n<h2 class=\"canon-column-title--3-col-small block-flex-list__item-heading-wrapper\" style=\"margin: 0px 0px 8px;font-weight: 500;padding: 0px;font-size: 18px;line-height: 24px;align-items: center;justify-content: flex-start;width: 535.195px\" data-mce-style=\"margin: 0px 0px 8px; font-weight: 500; padding: 0px; font-size: 18px; line-height: 24px; align-items: center; justify-content: flex-start; width: 535.195px;\"><span style=\"vertical-align: inherit\" data-mce-style=\"vertical-align: inherit;\"><span style=\"vertical-align: inherit\" data-mce-style=\"vertical-align: inherit;\">Erstklassige Leistung auch bei schlechten Lichtverh\u00e4ltnissen<\/span><\/span><\/h2>\n<p class=\"block-flex-list__item-description canon-paragraph--medium\" style=\"margin: 0px 0px 15px;padding: 0px;line-height: 21px\" data-mce-style=\"margin: 0px 0px 15px; padding: 0px; line-height: 21px;\"><span style=\"vertical-align: inherit\" data-mce-style=\"vertical-align: inherit;\">Die EOS 5D Mark III liefert erstklassige Bilder bei praktisch allen Lichtverh\u00e4ltnissen. Dank eines ISO-Bereichs von 100 \u2013 25.600 (erweiterbar bis ISO 102.400) sind Aufnahmen ohne Stativ auch nach Sonnenuntergang m\u00f6glich.<\/span><\/p>\n<\/div>\n<\/div>\n<\/li>\n<li class=\"block-flex-list__item block-flex-list__item--three\" style=\"padding: 0px;margin: 0px;position: relative;flex: 0 0 48%;list-style-type: none\" data-mce-style=\"padding: 0px; margin: 0px; position: relative; flex: 0 0 48%; list-style-type: none;\">\n<div class=\"block-flex-list__item-wrapper\" style=\"margin-bottom: 30px\" data-mce-style=\"margin-bottom: 30px;\">\n<div class=\"block-flex-list__item-details\">\n<h2 class=\"canon-column-title--3-col-small block-flex-list__item-heading-wrapper\" style=\"margin: 0px 0px 8px;font-weight: 500;padding: 0px;font-size: 18px;line-height: 24px;align-items: center;justify-content: flex-start;width: 535.195px\" data-mce-style=\"margin: 0px 0px 8px; font-weight: 500; padding: 0px; font-size: 18px; line-height: 24px; align-items: center; justify-content: flex-start; width: 535.195px;\"><span style=\"vertical-align: inherit\" data-mce-style=\"vertical-align: inherit;\"><span style=\"vertical-align: inherit\" data-mce-style=\"vertical-align: inherit;\">61-Punkt-Weitbereichs-Autofokus<\/span><\/span><\/h2>\n<p class=\"block-flex-list__item-description canon-paragraph--medium\" style=\"margin: 0px 0px 15px;padding: 0px;line-height: 21px\" data-mce-style=\"margin: 0px 0px 15px; padding: 0px; line-height: 21px;\"><span style=\"vertical-align: inherit\" data-mce-style=\"vertical-align: inherit;\">Auch wenn das Motiv nicht in der Bildmitte liegt, sorgt der 61-Punkte-Weitbereichs-Autofokus f\u00fcr schnelles und pr\u00e4zises Fokussieren. 41 Kreuzsensoren (davon 5 extra empfindliche Doppelkreuzsensoren) unterst\u00fctzen eine pr\u00e4zise Fokusnachf\u00fchrung.<\/span><\/p>\n<\/div>\n<\/div>\n<\/li>\n<li class=\"block-flex-list__item block-flex-list__item--three\" style=\"padding: 0px;margin: 0px;position: relative;flex: 0 0 48%;list-style-type: none\" data-mce-style=\"padding: 0px; margin: 0px; position: relative; flex: 0 0 48%; list-style-type: none;\">\n<div class=\"block-flex-list__item-wrapper\" style=\"margin-bottom: 30px\" data-mce-style=\"margin-bottom: 30px;\">\n<div class=\"block-flex-list__item-details\">\n<h2 class=\"canon-column-title--3-col-small block-flex-list__item-heading-wrapper\" style=\"margin: 0px 0px 8px;font-weight: 500;padding: 0px;font-size: 18px;line-height: 24px;align-items: center;justify-content: flex-start;width: 535.195px\" data-mce-style=\"margin: 0px 0px 8px; font-weight: 500; padding: 0px; font-size: 18px; line-height: 24px; align-items: center; justify-content: flex-start; width: 535.195px;\"><span style=\"vertical-align: inherit\" data-mce-style=\"vertical-align: inherit;\"><span style=\"vertical-align: inherit\" data-mce-style=\"vertical-align: inherit;\">Schnelles Screening<\/span><\/span><\/h2>\n<p class=\"block-flex-list__item-description canon-paragraph--medium\" style=\"margin: 0px 0px 15px;padding: 0px;line-height: 21px\" data-mce-style=\"margin: 0px 0px 15px; padding: 0px; line-height: 21px;\"><span style=\"vertical-align: inherit\" data-mce-style=\"vertical-align: inherit;\">Reihenaufnahmen mit bis zu 6 B\/s halten jede Aktion fest, diese Geschwindigkeit bleibt f\u00fcr bis zu 16.270 Bilder im JPEG-Format erhalten (mit UDMA Kategorie 7 Speicherkarte).<\/span><\/p>\n<\/div>\n<\/div>\n<\/li>\n<li class=\"block-flex-list__item block-flex-list__item--three\" style=\"padding: 0px;margin: 0px;position: relative;flex: 0 0 48%;list-style-type: none\" data-mce-style=\"padding: 0px; margin: 0px; position: relative; flex: 0 0 48%; list-style-type: none;\">\n<div class=\"block-flex-list__item-wrapper\" style=\"margin-bottom: 30px\" data-mce-style=\"margin-bottom: 30px;\">\n<div class=\"block-flex-list__item-details\">\n<h2 class=\"canon-column-title--3-col-small block-flex-list__item-heading-wrapper\" style=\"margin: 0px 0px 8px;font-weight: 500;padding: 0px;font-size: 18px;line-height: 24px;align-items: center;justify-content: flex-start;width: 535.195px\" data-mce-style=\"margin: 0px 0px 8px; font-weight: 500; padding: 0px; font-size: 18px; line-height: 24px; align-items: center; justify-content: flex-start; width: 535.195px;\"><span style=\"vertical-align: inherit\" data-mce-style=\"vertical-align: inherit;\"><span style=\"vertical-align: inherit\" data-mce-style=\"vertical-align: inherit;\">High Dynamic Range (HDR)-Aufnahmen<\/span><\/span><\/h2>\n<p class=\"block-flex-list__item-description canon-paragraph--medium\" style=\"margin: 0px 0px 15px;padding: 0px;line-height: 21px\" data-mce-style=\"margin: 0px 0px 15px; padding: 0px; line-height: 21px;\"><span style=\"vertical-align: inherit\" data-mce-style=\"vertical-align: inherit;\">Hohe Detailtreue auch in besonders dunklen oder hellen Bereichen erm\u00f6glicht die Erstellung von HDR-Aufnahmen direkt in der Kamera.<\/span><\/p>\n<\/div>\n<\/div>\n<\/li>\n<li class=\"block-flex-list__item block-flex-list__item--three\" style=\"padding: 0px;margin: 0px;position: relative;flex: 0 0 48%;list-style-type: none\" data-mce-style=\"padding: 0px; margin: 0px; position: relative; flex: 0 0 48%; list-style-type: none;\">\n<div class=\"block-flex-list__item-wrapper\" style=\"margin-bottom: 30px\" data-mce-style=\"margin-bottom: 30px;\">\n<div class=\"block-flex-list__item-details\">\n<h2 class=\"canon-column-title--3-col-small block-flex-list__item-heading-wrapper\" style=\"margin: 0px 0px 8px;font-weight: 500;padding: 0px;font-size: 18px;line-height: 24px;align-items: center;justify-content: flex-start;width: 535.195px\" data-mce-style=\"margin: 0px 0px 8px; font-weight: 500; padding: 0px; font-size: 18px; line-height: 24px; align-items: center; justify-content: flex-start; width: 535.195px;\"><span style=\"vertical-align: inherit\" data-mce-style=\"vertical-align: inherit;\"><span style=\"vertical-align: inherit\" data-mce-style=\"vertical-align: inherit;\">Full HD-Videos mit manueller Steuerung<\/span><\/span><\/h2>\n<p class=\"block-flex-list__item-description canon-paragraph--medium\" style=\"margin: 0px 0px 15px;padding: 0px;line-height: 21px\" data-mce-style=\"margin: 0px 0px 15px; padding: 0px; line-height: 21px;\"><span style=\"vertical-align: inherit\" data-mce-style=\"vertical-align: inherit;\">Die Kamera bietet Full HD-Videoaufzeichnung in 1.080p. \u00dcber die integrierte HDMI-Schnittstelle kann ein unkomprimiertes 4:2:2-Videosignal f\u00fcr 1.920 x 1.080 Full HD an externe Systeme f\u00fcr unterschiedliche Workflows \u00fcbertragen werden. Umfangreiche manuelle Steuerungsm\u00f6glichkeiten und die umfangreiche Canon EF-Objektivpalette erm\u00f6glichen eine Reihe spezieller Kinoeffekte.<\/span><\/p>\n<\/div>\n<\/div>\n<\/li>\n<li class=\"block-flex-list__item block-flex-list__item--three\" style=\"padding: 0px;margin: 0px;position: relative;flex: 0 0 48%;list-style-type: none\" data-mce-style=\"padding: 0px; margin: 0px; position: relative; flex: 0 0 48%; list-style-type: none;\">\n<div class=\"block-flex-list__item-wrapper\" style=\"margin-bottom: 30px\" data-mce-style=\"margin-bottom: 30px;\">\n<div class=\"block-flex-list__item-details\">\n<h2 class=\"canon-column-title--3-col-small block-flex-list__item-heading-wrapper\" style=\"margin: 0px 0px 8px;font-weight: 500;padding: 0px;font-size: 18px;line-height: 24px;align-items: center;justify-content: flex-start;width: 535.195px\" data-mce-style=\"margin: 0px 0px 8px; font-weight: 500; padding: 0px; font-size: 18px; line-height: 24px; align-items: center; justify-content: flex-start; width: 535.195px;\"><span style=\"vertical-align: inherit\" data-mce-style=\"vertical-align: inherit;\"><span style=\"vertical-align: inherit\" data-mce-style=\"vertical-align: inherit;\">Hochwertige Tonaufnahme<\/span><\/span><\/h2>\n<p class=\"block-flex-list__item-description canon-paragraph--medium\" style=\"margin: 0px 0px 15px;padding: 0px;line-height: 21px\" data-mce-style=\"margin: 0px 0px 15px; padding: 0px; line-height: 21px;\"><span style=\"vertical-align: inherit\" data-mce-style=\"vertical-align: inherit;\">Zu einem exzellenten Video geh\u00f6rt auch ein exzellenter Ton. Die EOS 5D Mark III nimmt Stereoton mit 48 KHz auf und bietet eine manuelle Tonkontrolle. \u00dcber eine handels\u00fcbliche 3,5 mm Miniklinke l\u00e4sst sich ein externes Mikrofon anschlie\u00dfen. Eine weitere Buchse erm\u00f6glicht den Anschluss eines Kopfh\u00f6rers zur Tonkontrolle w\u00e4hrend der Aufnahme.<\/span><\/p>\n<\/div>\n<\/div>\n<\/li>\n<li class=\"block-flex-list__item block-flex-list__item--three\" style=\"padding: 0px;margin: 0px;position: relative;flex: 0 0 48%;list-style-type: none\" data-mce-style=\"padding: 0px; margin: 0px; position: relative; flex: 0 0 48%; list-style-type: none;\">\n<div class=\"block-flex-list__item-wrapper\" style=\"margin-bottom: 30px\" data-mce-style=\"margin-bottom: 30px;\">\n<div class=\"block-flex-list__item-details\">\n<h2 class=\"canon-column-title--3-col-small block-flex-list__item-heading-wrapper\" style=\"margin: 0px 0px 8px;font-weight: 500;padding: 0px;font-size: 18px;line-height: 24px;align-items: center;justify-content: flex-start;width: 535.195px\" data-mce-style=\"margin: 0px 0px 8px; font-weight: 500; padding: 0px; font-size: 18px; line-height: 24px; align-items: center; justify-content: flex-start; width: 535.195px;\"><span style=\"vertical-align: inherit\" data-mce-style=\"vertical-align: inherit;\"><span style=\"vertical-align: inherit\" data-mce-style=\"vertical-align: inherit;\">Bearbeitung in der Kamera<\/span><\/span><\/h2>\n<p class=\"block-flex-list__item-description canon-paragraph--medium\" style=\"margin: 0px 0px 15px;padding: 0px;line-height: 21px\" data-mce-style=\"margin: 0px 0px 15px; padding: 0px; line-height: 21px;\"><span style=\"vertical-align: inherit\" data-mce-style=\"vertical-align: inherit;\">Der digitale Workflow kann schon lange vor der Heimkehr beginnen. Bilder k\u00f6nnen auf dem Kameramonitor mit ein bis f\u00fcnf Sternen bewertet oder zwei Bilder nebeneinander verglichen werden. Die Kamera bietet zudem eine interne RAW-Verarbeitung an \u2013 so kann eine Aufnahme in ein Schwarzwei\u00dfbild umgewandelt oder der Wei\u00dfabgleich nachtr\u00e4glich ge\u00e4ndert werden.<\/span><\/p>\n<\/div>\n<\/div>\n<\/li>\n<li class=\"block-flex-list__item block-flex-list__item--three\" style=\"padding: 0px;margin: 0px;position: relative;flex: 0 0 48%;list-style-type: none\" data-mce-style=\"padding: 0px; margin: 0px; position: relative; flex: 0 0 48%; list-style-type: none;\">\n<div class=\"block-flex-list__item-wrapper\" style=\"margin-bottom: 30px\" data-mce-style=\"margin-bottom: 30px;\">\n<div class=\"block-flex-list__item-details\">\n<h2 class=\"canon-column-title--3-col-small block-flex-list__item-heading-wrapper\" style=\"margin: 0px 0px 8px;font-weight: 500;padding: 0px;font-size: 18px;line-height: 24px;align-items: center;justify-content: flex-start;width: 535.195px\" data-mce-style=\"margin: 0px 0px 8px; font-weight: 500; padding: 0px; font-size: 18px; line-height: 24px; align-items: center; justify-content: flex-start; width: 535.195px;\"><span style=\"vertical-align: inherit\" data-mce-style=\"vertical-align: inherit;\"><span style=\"vertical-align: inherit\" data-mce-style=\"vertical-align: inherit;\">Robuste und dennoch leichte Konstruktion<\/span><\/span><\/h2>\n<p class=\"block-flex-list__item-description canon-paragraph--medium\" style=\"margin: 0px 0px 15px;padding: 0px;line-height: 21px\" data-mce-style=\"margin: 0px 0px 15px; padding: 0px; line-height: 21px;\"><span style=\"vertical-align: inherit\" data-mce-style=\"vertical-align: inherit;\">Das Magnesiumgeh\u00e4use ist robust und langlebig, bringt aber kein unn\u00f6tiges Gewicht mit sich. Eine spezielle Versiegelung bietet Staub- und Feuchtigkeitsschutz.<\/span><\/p>\n<\/div>\n<\/div>\n<\/li>\n<\/ul>","protected":false},"excerpt":{"rendered":"<p>Die Canon EOS 5D Mark III ist eine professionelle digitale Spiegelreflexkamera (DSLR) mit 22,1 Megapixeln im Vollformat von Canon. 30 Sek. \u2013 1\/8000 Sek. und Bulb; X-Sync bei 1\/200 Sek.<\/p>","protected":false},"featured_media":3624,"comment_status":"open","ping_status":"closed","template":"","meta":[],"genre":[],"product_cat":[171,54],"product_tag":[],"class_list":{"0":"post-3619","1":"product","2":"type-product","3":"status-publish","4":"has-post-thumbnail","6":"product_cat-camera-electronics","7":"product_cat-electronics","9":"first","10":"instock","11":"sale","12":"shipping-taxable","13":"purchasable","14":"product-type-simple"},"_links":{"self":[{"href":"https:\/\/fancomart.com\/de\/wp-json\/wp\/v2\/product\/3619","targetHints":{"allow":["GET"]}}],"collection":[{"href":"https:\/\/fancomart.com\/de\/wp-json\/wp\/v2\/product"}],"about":[{"href":"https:\/\/fancomart.com\/de\/wp-json\/wp\/v2\/types\/product"}],"replies":[{"embeddable":true,"href":"https:\/\/fancomart.com\/de\/wp-json\/wp\/v2\/comments?post=3619"}],"wp:featuredmedia":[{"embeddable":true,"href":"https:\/\/fancomart.com\/de\/wp-json\/wp\/v2\/media\/3624"}],"wp:attachment":[{"href":"https:\/\/fancomart.com\/de\/wp-json\/wp\/v2\/media?parent=3619"}],"wp:term":[{"taxonomy":"product_brand","embeddable":true,"href":"https:\/\/fancomart.com\/de\/wp-json\/wp\/v2\/genre?post=3619"},{"taxonomy":"product_cat","embeddable":true,"href":"https:\/\/fancomart.com\/de\/wp-json\/wp\/v2\/product_cat?post=3619"},{"taxonomy":"product_tag","embeddable":true,"href":"https:\/\/fancomart.com\/de\/wp-json\/wp\/v2\/product_tag?post=3619"}],"curies":[{"name":"wp","href":"https:\/\/api.w.org\/{rel}","templated":true}]}}